{"id":9047,"date":"2025-09-18T12:46:17","date_gmt":"2025-09-18T10:46:17","guid":{"rendered":"https:\/\/www.eufonie.pl\/event\/the-essence-of-the-world\/"},"modified":"2025-11-18T01:32:52","modified_gmt":"2025-11-18T00:32:52","slug":"the-essence-of-the-world","status":"publish","type":"tribe_events","link":"https:\/\/www.eufonie.pl\/en\/event\/the-essence-of-the-world\/","title":{"rendered":"The Essence of the World"},"content":{"rendered":"<p><strong>Music, like the art of oratory, often expresses itself as if between the sounds.<\/strong><\/p>\n<p>Such voices can be found in melodically sensitive and frugal pieces by Valentin Silvestrov (<em>Intermezzo<\/em>), P\u0113teris Vasks (<em>Plainscapes<\/em>) and Henryk Miko\u0142aj G\u00f3recki (<em>Lullabies<\/em> and Dances, Op. 47). 47). Z kolei <em>Conversio<\/em> Erkki-Svena T\u00fc\u00fcra i <em>Tempo di valse<\/em> z <em>Musica ricercata<\/em> Gy\u00f6rgya Ligetiego to przyk\u0142ady przewrotnego podej\u015bcia do formy. Muzyka nowa za\u015b \u2013 <g id=\"gid_3\">Up<\/g> Dariusza Przybylskiego i <g id=\"gid_4\">Aria<\/g> Just\u0117 Janulyt\u0117 \u2013 ponownie koncentruje si\u0119 na samym d\u017awi\u0119ku. Dodatkowo, mi\u0119dzy tymi dzie\u0142ami zabrzmi\u0105 improwizowane intermezza.  <\/p>\n<div class=\"tribe-events-event-buy-ticket\"><a class=\"tribe-events-event-buy-ticket-button\" href=\"https:\/\/nck.bilety24.pl\/wydarzenie\/?id=134993\" target=\"_blank\" rel=\"noopener\">BUY TICKET<\/a><\/div>\n<h4>PROGRAMME:<\/h4>\n<p><strong><span style=\"text-decoration: underline;\">Dariusz Przybylski (born 1984)<br \/>\n<\/span><\/strong><em>Up<\/em> for violin Op. 87 [7&#8242;]<br \/>\n(2015) <\/p>\n<p><strong><span style=\"text-decoration: underline;\">P\u0113teris Vasks (ur. 1946)<br \/>\n<\/span><\/strong><em>Plainscapes (Andante misterioso)<\/em> [5\u2019]<br \/>\narrangement for violin and accordion: Karolina Miko\u0142ajczyk (ur. 1993) &amp; Iwo Jedynecki (ur. 1991)<br \/>\n(2002\/2025*)<\/p>\n<p><strong><span style=\"text-decoration: underline;\">Karolina Miko\u0142ajczyk, Iwo Jedynecki<br \/>\n<\/span><\/strong><em>Interludium I<\/em> [2\u2019]<br \/>\n(2025*)<\/p>\n<p><strong><span style=\"text-decoration: underline;\">Gy\u00f6rgy Ligeti (1923\u20132006)<br \/>\n<\/span><\/strong><em>Tempo di valse<\/em> (poco vivace \u2013 \u201e\u00e0 l\u2019orgue de Barbarie\u201d) (cz. IV)<br \/>\nz cyklu Musica ricercata [2\u2019]<br \/>\narrangement for accordion: Max Bonnay (ur. 1947)<br \/>\n(1953\/1994)<\/p>\n<p><strong><span style=\"text-decoration: underline;\">Henryk Miko\u0142aj G\u00f3recki (1933\u20132010)<br \/>\n<\/span><\/strong><em>Lento mesto ma cantabile<\/em> (cz. IV)<br \/>\n<em>Lento tranquillo, cantabile e dolce<\/em> (cz. I)<br \/>\nfrom the series <em>Ko\u0142ysanki i ta\u0144ce<\/em> op. 47 [8\u2019]<br \/>\narrangement for violin and accordion: Karolina Miko\u0142ajczyk &amp; Iwo Jedynecki<br \/>\n(1982\/2025*) <\/p>\n<p><strong><span style=\"text-decoration: underline;\">Wa\u0142entyn Silwestrow (ur. 1937)<br \/>\n<\/span><\/strong><em>Intermezzo<\/em> (cz. III)<br \/>\nfrom the series <em>Pi\u0119\u0107 utwor\u00f3w na skrzypce i fortepian<\/em> [3\u2019]<br \/>\narrangement for violin and accordion: Karolina Miko\u0142ajczyk &amp; Iwo Jedynecki<br \/>\n(2004\/2025*)<\/p>\n<p><strong><span style=\"text-decoration: underline;\">Erkki-Sven T\u00fc\u00fcr (ur. 1959)<br \/>\n<\/span><\/strong><em>Conversio<\/em> [10\u2019]<br \/>\narrangement for violin and accordion: Karolina Miko\u0142ajczyk &amp; Iwo Jedynecki<br \/>\n(1994\/2025*)<\/p>\n<p><strong><span style=\"text-decoration: underline;\">Just\u0117 Janulyt\u0117 (b. 1982)<br \/>\n<\/span><\/strong><em>Aria<\/em> [13&#8242;]<br \/>\nversion for violin and accordion<br \/>\n(2008\/2025*)<\/p>\n<p><strong><span style=\"text-decoration: underline;\">Karolina Miko\u0142ajczyk, Iwo Jedynecki<br \/>\n<\/span><\/strong><em>Interludium II <\/em> [2\u2019]<br \/>\n(2025*)<\/p>\n<p><strong><span style=\"text-decoration: underline;\">P\u0113teris Vasks<br \/>\n<\/span><\/strong><em>Plainscapes<\/em> (Tempo I) [9\u2019]<br \/>\narrangement for violin and accordion: Karolina Miko\u0142ajczyk &amp; Iwo Jedynecki<br \/>\n(2002\/2025*)<\/p>\n<p><strong><span style=\"text-decoration: underline;\">Karolina Mikolajczyk, Iwo Jedynecki<br \/>\n<\/span><\/strong><em>Epilogue<\/em> [4&#8242;]<br \/>\n(2025*)<\/p>\n<p>&nbsp;<\/p>\n<p>* world premiere<\/p>\n<p><strong>between the works &#8211; an acting interpretation of poems by Urszula Kozio\u0142 (1931\u20132025) <\/strong><\/p>\n<div class=\"tribe-events-event-buy-ticket\"><a class=\"tribe-events-event-buy-ticket-button\" href=\"https:\/\/www.eufonie.pl\/wp-content\/uploads\/2025\/11\/Eufonie_2025_EN-digital_13.pdf\" target=\"_blank\" rel=\"noopener\">DOWNLOAD THE CONCERT PROGRAM<\/a><\/div>\n<p>_____<\/p>\n<h4>PERFORMERS:<\/h4>\n<p><strong>Duo: Karolina Miko\u0142ajczyk &amp; Iwo Jedynecki<br \/>\n<\/strong>violin, accordion<\/p>\n<p><strong>Pola Blasik<br \/>\n<\/strong>actress<\/p>\n<p><strong>Anna Grycewicz<\/strong><br \/>\nactress<\/p>\n<p><strong>Tomasz Cyz<br \/>\n<\/strong>staging<\/p>\n<p><strong>Karolina Bramowicz<\/strong><br \/>\nspace<\/p>\n<div class=\"tribe-events-event-buy-ticket\"><a class=\"tribe-events-event-buy-ticket-button\" href=\"https:\/\/nck.bilety24.pl\/wydarzenie\/?id=134993\" target=\"_blank\" rel=\"noopener\">BUY TICKET<\/a><\/div>\n","protected":false},"excerpt":{"rendered":"<p>Music, like the art of oratory, often expresses itself as if between the sounds. Such voices can be found in melodically sensitive and frugal pieces by Valentin Silvestrov (Intermezzo), P\u0113teris Vasks (Plainscapes) and Henryk Miko\u0142aj&hellip;<\/p>\n","protected":false},"author":990013,"featured_media":9737,"template":"","meta":{"_acf_changed":false,"_tribe_events_status":"","_tribe_events_status_reason":"","footnotes":""},"tags":[],"tribe_events_cat":[],"class_list":["post-9047","tribe_events","type-tribe_events","status-publish","has-post-thumbnail","hentry"],"acf":[],"_links":{"self":[{"href":"https:\/\/www.eufonie.pl\/en\/wp-json\/wp\/v2\/tribe_events\/9047","targetHints":{"allow":["GET"]}}],"collection":[{"href":"https:\/\/www.eufonie.pl\/en\/wp-json\/wp\/v2\/tribe_events"}],"about":[{"href":"https:\/\/www.eufonie.pl\/en\/wp-json\/wp\/v2\/types\/tribe_events"}],"author":[{"embeddable":true,"href":"https:\/\/www.eufonie.pl\/en\/wp-json\/wp\/v2\/users\/990013"}],"version-history":[{"count":3,"href":"https:\/\/www.eufonie.pl\/en\/wp-json\/wp\/v2\/tribe_events\/9047\/revisions"}],"predecessor-version":[{"id":10678,"href":"https:\/\/www.eufonie.pl\/en\/wp-json\/wp\/v2\/tribe_events\/9047\/revisions\/10678"}],"wp:featuredmedia":[{"embeddable":true,"href":"https:\/\/www.eufonie.pl\/en\/wp-json\/wp\/v2\/media\/9737"}],"wp:attachment":[{"href":"https:\/\/www.eufonie.pl\/en\/wp-json\/wp\/v2\/media?parent=9047"}],"wp:term":[{"taxonomy":"post_tag","embeddable":true,"href":"https:\/\/www.eufonie.pl\/en\/wp-json\/wp\/v2\/tags?post=9047"},{"taxonomy":"tribe_events_cat","embeddable":true,"href":"https:\/\/www.eufonie.pl\/en\/wp-json\/wp\/v2\/tribe_events_cat?post=9047"}],"curies":[{"name":"wp","href":"https:\/\/api.w.org\/{rel}","templated":true}]}}